{"id":2230,"date":"2020-10-26T10:42:04","date_gmt":"2020-10-26T09:42:04","guid":{"rendered":"https:\/\/villalakocealina40.com\/?page_id=2230"},"modified":"2025-10-20T15:37:37","modified_gmt":"2025-10-20T14:37:37","slug":"preise-pro-woche","status":"publish","type":"page","link":"https:\/\/villalakocealina40.com\/de\/preise-pro-woche\/","title":{"rendered":"Preise 2026 pro Woche"},"content":{"rendered":"\n<p class=\"wp-block-paragraph\"><\/p>\n\n\n\n<figure class=\"wp-block-table\"><table><tbody><tr><td>vom 11. Juli bis 24. Juli<\/td><td>980 Euro<\/td><\/tr><tr><td>vom 25. Juli bis 31. Juli<\/td><td>1015 Euro<\/td><\/tr><tr><td>vom 1. August bis 14. August<\/td><td>&nbsp;1050 Euro<\/td><\/tr><tr><td>vom 15. August bis 21. August<\/td><td>1015 Euro&nbsp;<\/td><\/tr><tr><td>vom 22. August bis 28. August<\/td><td>980 Euro<\/td><\/tr><tr><td>vom 29. August bis 11. September<\/td><td>700 Euro<\/td><\/tr><tr><td>vom 12. September bis 25. September<\/td><td>644 Euro<\/td><\/tr><tr><td>vom 26. September bis 16. Oktober<\/td><td>630 Euro<\/td><\/tr><\/tbody><\/table><\/figure>\n\n\n\n<div class=\"vce-row-container\">\n<div id=\"el-c7fc5577\" class=\"vce-row vce-row--col-gap-30 vce-row-columns--top vce-row-content--top\" data-vce-do-apply=\"all el-c7fc5577\">\n<div class=\"vce-row-content\" data-vce-element-content=\"true\">\n<div id=\"el-4fec944d\" class=\"vce-col vce-col--md-auto vce-col--xs-1 vce-col--xs-last vce-col--xs-first vce-col--sm-last vce-col--sm-first vce-col--md-last vce-col--lg-last vce-col--xl-last vce-col--md-first vce-col--lg-first vce-col--xl-first\">\n<div class=\"vce-col-inner\" data-vce-do-apply=\"border margin background  el-4fec944d\">\n<div class=\"vce-col-content\" data-vce-element-content=\"true\" data-vce-do-apply=\"padding el-4fec944d\">\n<div class=\"vce-text-block\">\n<figure><img loading=\"lazy\" decoding=\"async\" data-attachment-id=\"1353\" data-permalink=\"https:\/\/villalakocealina40.com\/de\/tarifs-ete-2021\/la-pinede-1-2\/\" data-orig-file=\"https:\/\/i0.wp.com\/villalakocealina40.com\/wp-content\/uploads\/2019\/11\/la-pin%C3%A8de-1.jpeg?fit=3082%2C2961&amp;ssl=1\" data-orig-size=\"3082,2961\" data-comments-opened=\"1\" data-image-meta=\"{&quot;aperture&quot;:&quot;1.8&quot;,&quot;credit&quot;:&quot;&quot;,&quot;camera&quot;:&quot;iPhone 8&quot;,&quot;caption&quot;:&quot;&quot;,&quot;created_timestamp&quot;:&quot;1566059972&quot;,&quot;copyright&quot;:&quot;&quot;,&quot;focal_length&quot;:&quot;3.99&quot;,&quot;iso&quot;:&quot;20&quot;,&quot;shutter_speed&quot;:&quot;0.0010834236186349&quot;,&quot;title&quot;:&quot;&quot;,&quot;orientation&quot;:&quot;0&quot;}\" data-image-title=\"la-pin\u00e8de-1\" data-image-description=\"\" data-image-caption=\"\" data-large-file=\"https:\/\/i0.wp.com\/villalakocealina40.com\/wp-content\/uploads\/2019\/11\/la-pin%C3%A8de-1.jpeg?fit=825%2C793&amp;ssl=1\" class=\"alignright size-thumbnail wp-image-1353\" src=\"|!|vcvUploadUrl|!|\/2019\/11\/la-pin\u00e8de-1-150x150.jpeg\" alt=\"\" width=\"150\" height=\"150\" srcset=\"https:\/\/i0.wp.com\/villalakocealina40.com\/wp-content\/uploads\/2019\/11\/la-pin%C3%A8de-1.jpeg?resize=150%2C150&amp;ssl=1 150w, https:\/\/i0.wp.com\/villalakocealina40.com\/wp-content\/uploads\/2019\/11\/la-pin%C3%A8de-1.jpeg?resize=180%2C180&amp;ssl=1 180w, https:\/\/i0.wp.com\/villalakocealina40.com\/wp-content\/uploads\/2019\/11\/la-pin%C3%A8de-1.jpeg?resize=300%2C300&amp;ssl=1 300w, https:\/\/i0.wp.com\/villalakocealina40.com\/wp-content\/uploads\/2019\/11\/la-pin%C3%A8de-1.jpeg?resize=100%2C100&amp;ssl=1 100w, https:\/\/i0.wp.com\/villalakocealina40.com\/wp-content\/uploads\/2019\/11\/la-pin%C3%A8de-1.jpeg?zoom=3&amp;resize=150%2C150&amp;ssl=1 450w\" sizes=\"auto, (max-width: 150px) 100vw, 150px\" \/><\/figure><div id=\"el-f27609d3\" class=\"vce-text-block-wrapper vce\" data-vce-do-apply=\"all el-f27609d3\">\n<figure><\/figure><p><\/p>\n<\/div>\n<div id=\"el-f27609d3\" class=\"vce-text-block-wrapper vce\" data-vce-do-apply=\"all el-f27609d3\">\n<p>Die Mindestdauer des Aufenthalts betr\u00e4gt 7 N\u00e4chte.<\/p>\n<p>Wenn Sie w\u00e4hrend anderer Zeitr\u00e4ume im Haus \u00fcbernachten m\u00f6chten, konsultieren Sie uns bitte.<\/p>\n<p>Die Betten sind bei Ihrer Ankunft gemacht.<\/p>\n<p>Verpflichtende Zusatzkosten:<\/p>\n<ul>\n<li>Die Endreinigung betr\u00e4gt 20 \u20ac pro Person.<\/li>\n<li>Die Bereitstellung von Bettw\u00e4sche (eine Bettdecke, ein flaches Laken und ein Spannbettlaken pro Bett, zwei Kissenbez\u00fcge, ein Badetuch, ein Duschtuch und ein Waschlappen pro Person, Badematte und K\u00fcchent\u00fccher) kostet 20 \u20ac pro Person.<\/li>\n<li>Haustiere: NUR HUNDE: 3 \u20ac pro Nacht.<\/li>\n<li>Die Kurtaxe betr\u00e4gt 1,30 \u20ac pro Tag und pro Person \u00fcber 18 Jahren im Jahr 2025, zahlbar an C\u00f4te Landes Nature Tourismus durch den Eigent\u00fcmer.<\/li>\n<\/ul>\n<p>Zum Zeitpunkt der Buchung ist eine Anzahlung von<strong> 25 Prozent erforderlich.<\/strong><\/p>\n<p>Mit der Zahlung des Restbetrags wird eine <strong>Kaution in H\u00f6he von 550 Euro<\/strong> sowie eine Kopie der Multi-Risiko-Versicherungspolice (zum Schutz gegen Mietrisiken wie Feuer, Wassersch\u00e4den, &#8230;.) verlangt. Die Kaution wird sp\u00e4testens 7 Tage nach Abreise zur\u00fcckerstattet.<\/p>\n<p>Annullierungspolitik :<\/p>\n<p>Urlauber, die mindestens 60 Tage vor dem Ankunftsdatum stornieren, erhalten eine 100%ige R\u00fcckerstattung. Bei Stornierungen, die zwischen 30 und 60 Tagen vor der Ankunft erfolgen, werden 50% erstattet. Bei einer Stornierung nach den angegebenen Daten erfolgt keine R\u00fcckerstattung.<\/p>\n<p>Wir werden die Schl\u00fcssel pers\u00f6nlich \u00fcberreichen.<\/p>\n<p>Raucher sind willkommen, aber das Rauchen ist im Haus nicht erlaubt.<\/p>\n<p>Tiere werden nur nach vorheriger Zustimmung des Eigent\u00fcmers akzeptiert.<\/p>\n<p>Aus Komfort- und Versicherungsgr\u00fcnden k\u00f6nnen wir nicht mehr als<strong> 4 Personen<\/strong> unterbringen.<\/p>\n<p>Der Mietvertrag ist bei der Buchung unterschrieben und paraphiert per Post zur\u00fcckzusenden.<\/p>\n<p>Der Restbetrag der Miete ist sp\u00e4testens 10 Tage vor Ihrer Ankunft f\u00e4llig.<\/p>\n<\/div><table cellspacing=\"0\" cellpadding=\"0\">\n<tbody>\n<tr>\n<td valign=\"top\">\n\n<\/tr><\/tbody><\/table><\/div><\/div><\/div><\/div><\/div><\/div><\/div>\n","protected":false},"excerpt":{"rendered":"<p>vom 11. Juli bis 24. Juli 980 Euro vom 25. Juli bis 31. Juli 1015 Euro vom 1. August bis 14. August &nbsp;1050 Euro vom 15. August bis 21. August 1015 Euro&nbsp; vom 22. August bis 28. August 980 Euro vom 29. August bis 11. September 700 Euro vom 12. September bis 25. September 644&hellip; <a href=\"https:\/\/villalakocealina40.com\/de\/preise-pro-woche\/\" class=\"more-link\">Weiterlesen <span class=\"screen-reader-text\">Preise 2026 pro Woche<\/span><\/a><\/p>\n","protected":false},"author":1,"featured_media":0,"parent":0,"menu_order":0,"comment_status":"closed","ping_status":"closed","template":"","meta":{"_crdt_document":"","footnotes":""},"tags":[],"class_list":["post-2230","page","type-page","status-publish","hentry","without-featured-image"],"yoast_head":"<!-- This site is optimized with the Yoast SEO plugin v27.4 - https:\/\/yoast.com\/product\/yoast-seo-wordpress\/ -->\n<title>Preise 2026 pro Woche - Villa Lakocealina 40<\/title>\n<meta name=\"robots\" content=\"index, follow, max-snippet:-1, max-image-preview:large, max-video-preview:-1\" \/>\n<link rel=\"canonical\" href=\"https:\/\/villalakocealina40.com\/de\/preise-pro-woche\/\" \/>\n<meta property=\"og:locale\" content=\"de_DE\" \/>\n<meta property=\"og:type\" content=\"article\" \/>\n<meta property=\"og:title\" content=\"Preise 2026 pro Woche - Villa Lakocealina 40\" \/>\n<meta property=\"og:description\" content=\"vom 11. Juli bis 24. Juli 980 Euro vom 25. Juli bis 31. Juli 1015 Euro vom 1. August bis 14. August &nbsp;1050 Euro vom 15. August bis 21. August 1015 Euro&nbsp; vom 22. August bis 28. August 980 Euro vom 29. August bis 11. September 700 Euro vom 12. September bis 25. September 644&hellip; Weiterlesen Preise 2026 pro Woche\" \/>\n<meta property=\"og:url\" content=\"https:\/\/villalakocealina40.com\/de\/preise-pro-woche\/\" \/>\n<meta property=\"og:site_name\" content=\"Villa Lakocealina 40\" \/>\n<meta property=\"article:modified_time\" content=\"2025-10-20T14:37:37+00:00\" \/>\n<meta name=\"twitter:card\" content=\"summary_large_image\" \/>\n<meta name=\"twitter:label1\" content=\"Gesch\u00e4tzte Lesezeit\" \/>\n\t<meta name=\"twitter:data1\" content=\"2\u00a0Minuten\" \/>\n<script type=\"application\/ld+json\" class=\"yoast-schema-graph\">{\"@context\":\"https:\\\/\\\/schema.org\",\"@graph\":[{\"@type\":\"WebPage\",\"@id\":\"https:\\\/\\\/villalakocealina40.com\\\/de\\\/preise-pro-woche\\\/\",\"url\":\"https:\\\/\\\/villalakocealina40.com\\\/de\\\/preise-pro-woche\\\/\",\"name\":\"Preise 2026 pro Woche - Villa Lakocealina 40\",\"isPartOf\":{\"@id\":\"https:\\\/\\\/villalakocealina40.com\\\/de\\\/#website\"},\"datePublished\":\"2020-10-26T09:42:04+00:00\",\"dateModified\":\"2025-10-20T14:37:37+00:00\",\"breadcrumb\":{\"@id\":\"https:\\\/\\\/villalakocealina40.com\\\/de\\\/preise-pro-woche\\\/#breadcrumb\"},\"inLanguage\":\"de\",\"potentialAction\":[{\"@type\":\"ReadAction\",\"target\":[\"https:\\\/\\\/villalakocealina40.com\\\/de\\\/preise-pro-woche\\\/\"]}]},{\"@type\":\"BreadcrumbList\",\"@id\":\"https:\\\/\\\/villalakocealina40.com\\\/de\\\/preise-pro-woche\\\/#breadcrumb\",\"itemListElement\":[{\"@type\":\"ListItem\",\"position\":1,\"name\":\"Accueil\",\"item\":\"https:\\\/\\\/villalakocealina40.com\\\/de\\\/\"},{\"@type\":\"ListItem\",\"position\":2,\"name\":\"Preise 2026 pro Woche\"}]},{\"@type\":\"WebSite\",\"@id\":\"https:\\\/\\\/villalakocealina40.com\\\/de\\\/#website\",\"url\":\"https:\\\/\\\/villalakocealina40.com\\\/de\\\/\",\"name\":\"Villa Lakocealina 40\",\"description\":\"Ferienwohnung\",\"publisher\":{\"@id\":\"https:\\\/\\\/villalakocealina40.com\\\/de\\\/#organization\"},\"potentialAction\":[{\"@type\":\"SearchAction\",\"target\":{\"@type\":\"EntryPoint\",\"urlTemplate\":\"https:\\\/\\\/villalakocealina40.com\\\/de\\\/?s={search_term_string}\"},\"query-input\":{\"@type\":\"PropertyValueSpecification\",\"valueRequired\":true,\"valueName\":\"search_term_string\"}}],\"inLanguage\":\"de\"},{\"@type\":\"Organization\",\"@id\":\"https:\\\/\\\/villalakocealina40.com\\\/de\\\/#organization\",\"name\":\"Villa Lakocealina 40\",\"url\":\"https:\\\/\\\/villalakocealina40.com\\\/de\\\/\",\"logo\":{\"@type\":\"ImageObject\",\"inLanguage\":\"de\",\"@id\":\"https:\\\/\\\/villalakocealina40.com\\\/de\\\/#\\\/schema\\\/logo\\\/image\\\/\",\"url\":\"https:\\\/\\\/i0.wp.com\\\/villalakocealina40.com\\\/wp-content\\\/uploads\\\/2018\\\/03\\\/cropped-GLTT.jpeg?fit=483%2C480&ssl=1\",\"contentUrl\":\"https:\\\/\\\/i0.wp.com\\\/villalakocealina40.com\\\/wp-content\\\/uploads\\\/2018\\\/03\\\/cropped-GLTT.jpeg?fit=483%2C480&ssl=1\",\"width\":483,\"height\":480,\"caption\":\"Villa Lakocealina 40\"},\"image\":{\"@id\":\"https:\\\/\\\/villalakocealina40.com\\\/de\\\/#\\\/schema\\\/logo\\\/image\\\/\"}}]}<\/script>\n<!-- \/ Yoast SEO plugin. -->","yoast_head_json":{"title":"Preise 2026 pro Woche - Villa Lakocealina 40","robots":{"index":"index","follow":"follow","max-snippet":"max-snippet:-1","max-image-preview":"max-image-preview:large","max-video-preview":"max-video-preview:-1"},"canonical":"https:\/\/villalakocealina40.com\/de\/preise-pro-woche\/","og_locale":"de_DE","og_type":"article","og_title":"Preise 2026 pro Woche - Villa Lakocealina 40","og_description":"vom 11. Juli bis 24. Juli 980 Euro vom 25. Juli bis 31. Juli 1015 Euro vom 1. August bis 14. August &nbsp;1050 Euro vom 15. August bis 21. August 1015 Euro&nbsp; vom 22. August bis 28. August 980 Euro vom 29. August bis 11. September 700 Euro vom 12. September bis 25. September 644&hellip; Weiterlesen Preise 2026 pro Woche","og_url":"https:\/\/villalakocealina40.com\/de\/preise-pro-woche\/","og_site_name":"Villa Lakocealina 40","article_modified_time":"2025-10-20T14:37:37+00:00","twitter_card":"summary_large_image","twitter_misc":{"Gesch\u00e4tzte Lesezeit":"2\u00a0Minuten"},"schema":{"@context":"https:\/\/schema.org","@graph":[{"@type":"WebPage","@id":"https:\/\/villalakocealina40.com\/de\/preise-pro-woche\/","url":"https:\/\/villalakocealina40.com\/de\/preise-pro-woche\/","name":"Preise 2026 pro Woche - Villa Lakocealina 40","isPartOf":{"@id":"https:\/\/villalakocealina40.com\/de\/#website"},"datePublished":"2020-10-26T09:42:04+00:00","dateModified":"2025-10-20T14:37:37+00:00","breadcrumb":{"@id":"https:\/\/villalakocealina40.com\/de\/preise-pro-woche\/#breadcrumb"},"inLanguage":"de","potentialAction":[{"@type":"ReadAction","target":["https:\/\/villalakocealina40.com\/de\/preise-pro-woche\/"]}]},{"@type":"BreadcrumbList","@id":"https:\/\/villalakocealina40.com\/de\/preise-pro-woche\/#breadcrumb","itemListElement":[{"@type":"ListItem","position":1,"name":"Accueil","item":"https:\/\/villalakocealina40.com\/de\/"},{"@type":"ListItem","position":2,"name":"Preise 2026 pro Woche"}]},{"@type":"WebSite","@id":"https:\/\/villalakocealina40.com\/de\/#website","url":"https:\/\/villalakocealina40.com\/de\/","name":"Villa Lakocealina 40","description":"Ferienwohnung","publisher":{"@id":"https:\/\/villalakocealina40.com\/de\/#organization"},"potentialAction":[{"@type":"SearchAction","target":{"@type":"EntryPoint","urlTemplate":"https:\/\/villalakocealina40.com\/de\/?s={search_term_string}"},"query-input":{"@type":"PropertyValueSpecification","valueRequired":true,"valueName":"search_term_string"}}],"inLanguage":"de"},{"@type":"Organization","@id":"https:\/\/villalakocealina40.com\/de\/#organization","name":"Villa Lakocealina 40","url":"https:\/\/villalakocealina40.com\/de\/","logo":{"@type":"ImageObject","inLanguage":"de","@id":"https:\/\/villalakocealina40.com\/de\/#\/schema\/logo\/image\/","url":"https:\/\/i0.wp.com\/villalakocealina40.com\/wp-content\/uploads\/2018\/03\/cropped-GLTT.jpeg?fit=483%2C480&ssl=1","contentUrl":"https:\/\/i0.wp.com\/villalakocealina40.com\/wp-content\/uploads\/2018\/03\/cropped-GLTT.jpeg?fit=483%2C480&ssl=1","width":483,"height":480,"caption":"Villa Lakocealina 40"},"image":{"@id":"https:\/\/villalakocealina40.com\/de\/#\/schema\/logo\/image\/"}}]}},"jetpack_sharing_enabled":true,"jetpack_shortlink":"https:\/\/wp.me\/P9COMv-zY","jetpack_likes_enabled":true,"amp_enabled":true,"_links":{"self":[{"href":"https:\/\/villalakocealina40.com\/de\/wp-json\/wp\/v2\/pages\/2230","targetHints":{"allow":["GET"]}}],"collection":[{"href":"https:\/\/villalakocealina40.com\/de\/wp-json\/wp\/v2\/pages"}],"about":[{"href":"https:\/\/villalakocealina40.com\/de\/wp-json\/wp\/v2\/types\/page"}],"author":[{"embeddable":true,"href":"https:\/\/villalakocealina40.com\/de\/wp-json\/wp\/v2\/users\/1"}],"replies":[{"embeddable":true,"href":"https:\/\/villalakocealina40.com\/de\/wp-json\/wp\/v2\/comments?post=2230"}],"version-history":[{"count":32,"href":"https:\/\/villalakocealina40.com\/de\/wp-json\/wp\/v2\/pages\/2230\/revisions"}],"predecessor-version":[{"id":7585,"href":"https:\/\/villalakocealina40.com\/de\/wp-json\/wp\/v2\/pages\/2230\/revisions\/7585"}],"wp:attachment":[{"href":"https:\/\/villalakocealina40.com\/de\/wp-json\/wp\/v2\/media?parent=2230"}],"wp:term":[{"taxonomy":"post_tag","embeddable":true,"href":"https:\/\/villalakocealina40.com\/de\/wp-json\/wp\/v2\/tags?post=2230"}],"curies":[{"name":"wp","href":"https:\/\/api.w.org\/{rel}","templated":true}]}}